{"id":14,"date":"2019-03-05T12:42:19","date_gmt":"2019-03-05T12:42:19","guid":{"rendered":"http:\/\/franziskabomski.de\/?page_id=14"},"modified":"2026-01-08T13:56:29","modified_gmt":"2026-01-08T13:56:29","slug":"publikationen","status":"publish","type":"page","link":"https:\/\/franziskabomski.de\/?page_id=14","title":{"rendered":"Publikationen"},"content":{"rendered":"\n<p><br><\/p>\n\n\n\n<h2 class=\"wp-block-heading\"><strong>1.&nbsp;&nbsp;&nbsp;&nbsp;&nbsp;&nbsp;&nbsp;&nbsp;&nbsp;Monografie<\/strong><\/h2>\n\n\n\n<p><em>Die Mathematik im Denken und Dichten von Novalis. Zum Verh\u00e4ltnis von Literatur und Wissen um 1800. <\/em>Akademie Verlag\/De Gruyter, Berlin 2014 (= Deutsche Literatur. Studien und Quellen 15).<\/p>\n\n\n\n<h2 class=\"wp-block-heading\"><strong>2.&nbsp;&nbsp;&nbsp;&nbsp;&nbsp;&nbsp;&nbsp;&nbsp;&nbsp;Aufs\u00e4tze<\/strong><\/h2>\n\n\n\n<p>Zus. mit Andrea Albrecht: &#8222;Der neue Mensch als Durchschnittling. Stadt und Statistik in Robert Musils <em>Mann ohne Eigenschaften&#8220;.<\/em> In: Musil-Forum 38 (2023\/2024). De Gruyter, Berlin 2025, S. 235\u2013258.<\/p>\n\n\n\n<p>&#8222;Mathematik. Von Zauberformeln, sinnlicher Logik und echter Wissenschaft bei Friedrich Schlegel, Friedrich von Hardenberg und Johann Wolfgang Goethe&#8220;. In: Roland Borgards, Konrad Heumann (Hg.): S<em>ich kreuzende Stimmen. Friedrich von Hardenberg (Novalis), Friedrich Schlegel und die Romantik.<\/em> Metzler, Heidelberg, Berlin 2025, S. 145\u2013168.<\/p>\n\n\n\n<p>&#8222;Politik und Poetik der Autofiktion. Am Beispiel von Christa Wolf, <em>Stadt der Engel oder The Overcoat of Dr. Freud<\/em> (2010)&#8220;. In: Andrea Albrecht, Franziska Bomski und Yongqiang Liu (Hg.): <em>Text trifft Theorie. Literaturwissenschaftliche Methodenkompetenz in der Praxis<\/em>. De Gruyter, Berlin 2025, S. 183\u2013212.<\/p>\n\n\n\n<p>Zus. mit Qunyang Lou: &#8222;Comics \u00fcber die Fremde. Am Beispiel von Sascha Hommer, <em>In China <\/em>(2016)&#8220;. In: Andrea Albrecht, Franziska Bomski und Yongqiang Liu (Hg.): <em>Text trifft Theorie. Literaturwissenschaftliche Methodenkompetenz in der Praxis.<\/em> De Gruyter, Berlin 2025, S. 79\u2013106.<\/p>\n\n\n\n<p>Zus. mit Andrea Albrecht und Yongqiang Liu: &#8222;Text trifft Theorie. Literaturwissenschaftliche Methodenkompetenz in der Praxis&#8220;. In: Dies. (Hg.): <em>Text trifft Theorie. Literaturwissenschaftliche Methodenkompetenz in der Praxis<\/em>. De Gruyter, Berlin 2025, S. 1\u201318.<\/p>\n\n\n\n<p>&#8222;Representing Mathematics. Images of Mathematics in Philosophy and Literature&#8220;. In: Maarten Bullynck (Hg.): <em>A Cultural History of Mathematics in the Eighteenth Century<\/em>, Bd. 4. Bloomsbury Academic, London et al. 2024, S. 223\u2013250.<\/p>\n\n\n\n<p>&#8222;Der Personalumbau in den ostdeutschen Wissenschaften und seine Folgen. Pl\u00e4doyer f\u00fcr eine Versachlichung der Debatte&#8220;. In: Franziska Bomski (Hg.): <em>Inventur. Der Personalumbau in den ostdeutschen Wissenschaften nach 1989<\/em> (= <em>die hochschule. journal f\u00fcr wissenschaft und bildung<\/em>. 33.1 [2024]), S. 7\u201318.<\/p>\n\n\n\n<p>Gespr\u00e4ch mit Monika Gibas, Astrid Lorenz und Dieter Segert: &#8222;Wie weiter nach 1989? Wissenschaftliche Werdeg\u00e4nge ostdeutscher Wissenschaftler:innen&#8220;. In: Franziska Bomski (Hg.): <em>Inventur. Der Personalumbau in den ostdeutschen Wissenschaften nach 1989 <\/em>(= <em>die hochschule. journal f\u00fcr wissenschaft und bildung<\/em>. 33.1 [2024]), S. 139\u2013151.<\/p>\n\n\n\n<p>&#8222;The Fun of it. Zur \u00c4sthetik der fantastischen Kunst in Dietmar Daths Roman<em> S\u00e4mmtliche Gedichte<\/em> (2009)&#8220;. In: Christian Hippe, Philipp Theisohn (Hg.): <em>In Verben denken. Dietmar Dath Arbeitsbuch.<\/em> Verbrecher Verlag, Berlin 2023, S. 135\u2013161.<\/p>\n\n\n\n<p>Zus. mit Andrea Albrecht: &#8222;Grabenk\u00e4mpfe und Br\u00fcckenschl\u00e4ge. Interdisziplinarit\u00e4t in der Praxis&#8220;. In: <em>Scientia Poetica<\/em> 26.1 (2022), S. 191\u2013200<\/p>\n\n\n\n<p>&#8222;Interdisziplin\u00e4re Disproportionen. Eine Kritik der Literature and Science Studies am Beispiel der chaostheoretischen Musil-Forschung&#8220;. In: <em>Scientia Poetica<\/em> 26.1 (2022), S. 339\u2013360.<\/p>\n\n\n\n<p>&#8222;Verhandlungen \u00fcber eine Soziologie der Literatur auf den Deutschen Soziologentagen 1926 und 1930: Hanna Meuter, Leopold von Wiese und Erich Rothacker&#8220;. In: <em>Internationales Archiv f\u00fcr Sozialgeschichte der deutschen Literatur<\/em> 46.2 (2021), S. 567\u2013595.<\/p>\n\n\n\n<p>&#8222;The Art of Abstraction. Poetic Reflections on Mathematics in German Romanticism&#8220;.&nbsp;In: Sonja Hildebrand (Hg.): <em>\u00c4sthetik der Mathematik\/Aesthetics of Mathematics<\/em> (= <em>figurationen. gender, literatur, kultur<\/em> 2\/2020), S. 41\u201356.<\/p>\n\n\n\n<p>Zus. mit Tilman Venzl: &#8222;Feine Kerls oder rechte Gorillas? Zur Kontroverse \u00fcber Ostdeutschland zwischen Manja Pr\u00e4kels und Moritz von Uslar&#8220;. In: Marcus Hahn, Frederic Ponten (Hg.): <em>Deutschland-Analysen<\/em>, Bielefeld 2020 (= <em>Zeitschrift f\u00fcr Kulturwissenschaften<\/em> 2\/2020), S. 107\u2013126.&nbsp;<\/p>\n\n\n\n<p>Zus. mit Andrea Albrecht, Lutz Danneberg: &#8222;Einleitung: Ann\u00e4herungen an die Begriffs- und Ideengeschichte des <em>ordo inversus<\/em>&#8222;. In: Dies.: <em>Ordo inversus. Formen und Funktionen einer Denkfigur um 1800<\/em>. De Gruyter, Berlin\/Boston 2020 (= Historia Hermeneutica. Series Studia 19), S. 1\u20139.<\/p>\n\n\n\n<p>&#8222;Analyse und Synthese in der mathematischen Erfindungskunst des 18. Jahrhunderts (Johann Heinrich Lambert, Johann Christoph Schwab, Salomon Maimon)&#8220;. In: Andrea Albrecht, Franziska Bomski, Lutz Danneberg (Hg.): <em>Ordo inversus. Formen und Funktionen einer Denkfigur um 1800<\/em>. De Gruyter, Berlin\/Boston 2020 (= Historia Hermeneutica. Series Studia 19), S. 295\u2013311.<\/p>\n\n\n\n<p>Zus. mit Andrea Albrecht: &#8222;Equally Possible Cases: Robert Musil and Johannes von Kries&#8220;. In: Gerhard Wagner (Hg.): <em>The Range of Science. Studies on the Interdisciplinary Legacy of Johannes von Kries<\/em>. Harrassowitz Verlag, Wiesbaden 2019 (= Studies in Cultural and Social Sciences 19), S. 145\u2013154.<\/p>\n\n\n\n<p>&#8222;System in Bewegung. Bilder der Bildung bei Novalis&#8220;. In: Franziska Bomski, J\u00fcrgen Stolzenberg (Hg.): <em>Genealogien der Natur und des Geistes. Diskurse, Kontexte und Transformationen um 1800.<\/em> Wallstein Verlag,&nbsp;G\u00f6ttingen 2018 (= Schriftenreihe des Zentrums f\u00fcr Klassikforschung 4), S. 311\u2013332.<\/p>\n\n\n\n<p>&#8222;\u00dcberindividuelle M\u00e4chte und die Idee des Menschen. Zu Paul Kluckhohns Romantikkonzeption&#8220;. In: Matthias L\u00f6we, Gregor Streim (Hg.): &#8218;<em>Humanismus&#8216; in der Krise. Debatten und Diskurse zwischen Weimarer Republik und geteiltem Deutschland.<\/em> De Gruyter, Berlin\/Boston 2017 (= Klassik und Moderne 7), S. 57\u201377.<\/p>\n\n\n\n<p>Zus. mit R\u00fcdiger Haufe: &#8222;Wohin geh\u00f6rt Winckelmann? Die Nationalen Forschungs- und Gedenkst\u00e4tten in Weimar und die Winckelmann-Ehrung in der DDR 1967\/1968&#8220;. In: Franziska Bomski, Hellmut Th. Seemann, Thorsten Valk (Hg.): <em>Die Erfindung des Klassischen. Winckelmann-Lekt\u00fcren in Weimar. <\/em>Wallstein Verlag, G\u00f6ttingen 2017 (=&nbsp;Jahrbuch der Klassik Stiftung Weimar 2017), S. 317\u2013341.<\/p>\n\n\n\n<p>Zus. mit R\u00fcdiger Haufe: &#8222;Einleitung. Weimarer Kultureliten in der Debatte&#8220;. In: Dies., W.&nbsp;Daniel Wilson (Hg.): <em>Hans Wahl im Kontext. Weimarer Kultureliten im Nationalsozialismus<\/em>.&nbsp;Maney Publishing, Leeds 2015 (= <em>Publications of the English Goethe Society <\/em>84.3), S.&nbsp;141\u2013149.<\/p>\n\n\n\n<p>&#8222;&#8218;Moskauer Adre\u00dfbuch&#8216; \u2013 Erinnerung und Engagement in Christa Wolfs&nbsp;<em>Stadt der Engel oder The Overcoat of Dr. Freud<\/em>&#8222;. In: Carsten Gansel (Hg.): <em>Christa Wolf \u2013 Im Strom der Erinnerung.<\/em> V&amp;R unipress, G\u00f6ttingen 2014, S. 257\u2013279.<\/p>\n\n\n\n<p>&#8222;Der Zufall in Robert Musils&nbsp;<em>Mann ohne Eigenschaften.<\/em> Zur literarischen Bedeutung eines mathematischen Konzepts&#8220;. In: Andrea Albrecht, Werner Frick, Gesa von Essen (Hg.): <em>Zahlen, Zeichen und Figuren. Mathematische Inspirationen in Kunst und Literatur<\/em>. De Gruyter, Berlin&nbsp;2011 (=linguae &amp; litterae 11), S.&nbsp;413\u2013436.<\/p>\n\n\n\n<p>&#8222;&#8218;Die Vereinigung von Seele und Wirtschaft&#8216;. Zur \u00d6konomie des rechten Lebens in Robert Musils Roman&nbsp;<em>Der Mann ohne Eigenschaften<\/em>&#8222;. In: Christine Weder, Maximilian Bergengruen (Hg.): <em>Luxus. Die Ambivalenz des \u00dcberfl\u00fcssigen in der Moderne<\/em>. Wallstein, G\u00f6ttingen 2011, S. 257\u2013280.<\/p>\n\n\n\n<p>Zus. mit Stefan Suhr: &#8222;Einleitung: Gegens\u00e4tze m\u00f6gen sich reimen?&#8220;. In: Dies. (Hg.): <em>Fiktum versus Faktum? Nicht-mathematische Dialoge mit der Mathematik<\/em>. Erich Schmidt Verlag, Berlin 2011, S. 17\u201324.<\/p>\n\n\n\n<p>&#8222;Dietmar Dath (*1970)&#8220;. In: Fernand H\u00f6rner, Harald Neumeyer, Bernd Stiegler (Hg.): <em>Praktizierte Intermedialit\u00e4t. Deutsch-franz\u00f6sische Portr\u00e4ts von Schiller bis Goscinny\/Uderzo<\/em>. transcript, Bielefeld 2010, S. 319\u2013340.<\/p>\n\n\n\n<p>&#8222;Die Darstellung des Fremden bei Ilija Trojanow und Uwe Timm&#8220;. In: Franciszek Grucza u.a. (Hg.): <em>Vielheit und Einheit der Germanistik weltweit. Akten des XII. internationalen Germanistenkongresses<\/em>, <em>Warschau 2010<\/em>, Bd. 12. Peter Lang, Frankfurt a.M. 2012, S. 91\u201396.<\/p>\n\n\n\n<p>&#8222;Zwischen Mathematik und M\u00e4rchen. Die Darstellung des Zufalls und ihre erkenntnistheoretische Funktion bei Novalis&#8220;. In: Astrid Bauereisen, Stephan Pabst, Achim Vesper (Hg.):&nbsp;<em>Kunst und Wissen. Beziehungen zwischen Erkenntnistheorie und \u00c4sthetik im 18. und 19.&nbsp;Jahrhundert.<\/em> K\u00f6nigshausen &amp; Neumann, W\u00fcrzburg 2009 (= Stiftung f\u00fcr Romantikforschung 38), S.&nbsp;163\u2013191.<\/p>\n\n\n\n<p>&#8222;Die dialogische Identit\u00e4t in Robert Musils Novelle&nbsp;<em>Die Amsel<\/em>&#8222;. In: Markus Dauss, Ralf Haekel (Hg.):&nbsp;<em>Leib\/Seele \u2013 Geist\/Buchstabe. Dualismen in der \u00c4sthetik und den K\u00fcnsten um 1800 und 1900. <\/em>K\u00f6nigshausen &amp; Neumann, W\u00fcrzburg 2008 (= Stiftung f\u00fcr Romantikforschung 41, S. 339\u2013356.<\/p>\n\n\n\n<p>&#8222;&#8218;Eine Analogie [\u2026] f\u00fcr den geistigen Menschen, der kommen wird&#8216;. Das Bild der Mathematik bei Robert Musil&#8220;. In: Carla Cederbaum, Philipp von Homeyer (Hg.):&nbsp;<em>Ein Moment f\u00fcr Mensch und Mathematik<\/em>. Freiburger Verlag, Freiburg 2007, S.&nbsp;148\u2013157.<\/p>\n\n\n\n<h2 class=\"wp-block-heading\"><strong>3.&nbsp;&nbsp;&nbsp;&nbsp;&nbsp;&nbsp;&nbsp;&nbsp;&nbsp;Beitr\u00e4ge zu Handb\u00fcchern<\/strong><\/h2>\n\n\n\n<p>Zus. mit Anja Oesterhelt: Art. &#8222;Nazifizierung&#8220;. In: Carsten Rohde, Thorsten Valk, Mathias Mayer (Hg.), unter Mitarb. v. Annette Sch\u00f6neck:<em> Faust-Handbuch. Konstellationen \u2013 Diskurse \u2013 Medien<\/em>. J.B. Metzler, Stuttgart 2018, S. 427\u2013437.<\/p>\n\n\n\n<p>Zus. mit R\u00fcdiger Haufe: Kat. 127\u2013129 [&#8222;Winckelmann in der DDR&#8220;]. In: Elisabeth D\u00e9cultot, Martin D\u00f6nike, Wolfgang Holler, Claudia Keller, Thorsten Valk, Bettina Werche (Hg.): <em>Winckelmann. Moderne Antike<\/em>. Katalog zur Ausstellung im Neuen Museum, Weimar (7. April\u20132. Juli 2017). Hirmer, M\u00fcnchen 2017, S. 320\u2013321.<\/p>\n\n\n\n<p>Zus. mit Andrea Albrecht: Art. &#8222;Mathematik, Logik, Geometrie, Wahrscheinlichkeitstheorie&#8220;. In: Birgit N\u00fcbel, Norbert Christian Wolf (Hg.): <em>Robert Musil Handbuch<\/em>. De Gruyter, Berlin\/Boston 2016, S. 510\u2013516.<\/p>\n\n\n\n<p>Art. &#8222;Mathematik&#8220;. In: Roland Borgards, Harald Neumeyer, Nicolas Pethes, Yvonne W\u00fcbben (Hg.): <em>Literatur und Wissen. Ein interdisziplin\u00e4res Handbuch<\/em>. J.B. Metzler, Stuttgart\/Weimar 2013, S. 80\u201384.<\/p>\n\n\n\n<h2 class=\"wp-block-heading\"><strong>4.&nbsp;&nbsp;&nbsp;&nbsp;&nbsp;&nbsp;&nbsp;&nbsp;&nbsp;Rezensionen<\/strong><\/h2>\n\n\n\n<p>Rezension zu Volker Wehdeking: <em>Bildmomente der Erinnerung an 1989. Das Narrativ der Friedlichen Revolution in Post-DDR-Prosa, -Lyrik und -Film<\/em>, Berlin 2020.&nbsp;In: <em>Scientia Poetica<\/em> 25.1 (2021), S. 492\u2013500.<\/p>\n\n\n\n<p>Rezension zu Elke Br\u00fcns:&nbsp;<em>Nach dem Mauerfall. Eine Literaturgeschichte der Entgrenzung<\/em>, M\u00fcnchen&nbsp;2006. In: <em>Gegenwartsliteratur. Ein germanistisches Jahrbuch<\/em> 11 (2012), S. 350\u2013352.<\/p>\n\n\n\n<p><\/p>\n\n\n\n<p><\/p>\n\n\n\n<h2 class=\"wp-block-heading\"><strong>5.&nbsp;&nbsp;&nbsp;&nbsp;&nbsp;&nbsp;&nbsp;&nbsp;&nbsp;Herausgeberschaften<\/strong><\/h2>\n\n\n\n<p>Zus. mit Andrea Albrecht und Yongqiang Liu: <em>Text trifft Theorie. Literaturwissenschaftliche Methodenkompetenz in der Praxis<\/em>. De Gruyter, Berlin 2025.<\/p>\n\n\n\n<p><em>Inventur. Der Personalumbau in den ostdeutschen Wissenschaften nach 1989<\/em> (= <em>die hochschule. journal f\u00fcr wissenschaft und bildung<\/em>. 33.1 (2024).<\/p>\n\n\n\n<p>Zus. mit Andrea Albrecht: Forschungsdiskussion: &#8222;Grabenk\u00e4mpfe und Br\u00fcckenschl\u00e4ge. Interdisziplinarit\u00e4t in der Praxis&#8220;. In: <em>Scientia Poectia<\/em> 26.1 (2022), S. 191\u2013360.<\/p>\n\n\n\n<p>Zus. mit Andrea Albrecht, Lutz Danneberg (Hg.): <em>Ordo inversus. Formen und Funktionen einer Denkfigur um 1800<\/em>. De Gruyter, Berlin\/Boston 2020 (= Historia Hermeneutica. Series Studia 19).<\/p>\n\n\n\n<p>Zus. mit J\u00fcrgen Stolzenberg (Hg.): <em>Genealogien der Natur und des Geistes.&nbsp;Diskurse, Kontexte und Transformationen um 1800<\/em>. Wallstein,&nbsp;G\u00f6ttingen 2018 (= Schriftenreihe des Zentrums f\u00fcr Klassikforschung 4).<\/p>\n\n\n\n<p>Zus. mit R\u00fcdiger Haufe, W. Daniel Wilson (Hg.): <em>Hans Wahl im Kontext. Weimarer Kultureliten im Nationalsozialismus<\/em>. Maney Publishing, Leeds 2015 (= Publications of the English Goethe Society 84.3).<\/p>\n\n\n\n<p>Zus. mit Hellmut Seemann, Thorsten Valk (Hg.): Jahrbuch der Klassik Stiftung Weimar:&nbsp;&nbsp;&nbsp;<\/p>\n\n\n\n<ul class=\"wp-block-list\">\n<li><em>Spuren suchen. Provenienzforschung in Weimar.<\/em> In Zusammenarbeit mit R\u00fcdiger Haufe. Wallstein, G\u00f6ttingen 2018.<\/li>\n\n\n\n<li><em>Die Erfindung des Klassischen. Winckelmann-Lekt\u00fcren in Weimar<\/em>. Wallstein, G\u00f6ttingen 2017.<\/li>\n\n\n\n<li><em>Mens et Manus. Kunst und Wissenschaft an den H\u00f6fen der Ernestiner.<\/em> Wallstein, G\u00f6ttingen 2016.<\/li>\n\n\n\n<li><em>Bild und Bekenntnis. Die Cranach-Werkstatt in Weimar<\/em>. Wallstein, G\u00f6ttingen 2015.<\/li>\n\n\n\n<li><em>Ilm-Kakanien. Weimar am Vorabend des Ersten Weltkriegs.<\/em> Wallstein, G\u00f6ttingen 2014.<\/li>\n<\/ul>\n\n\n\n<p>Zus. mit Stefan Suhr (Hg.): <em>Fiktum versus Faktum? Nicht-mathematische Dialoge mit der Mathematik<\/em>. Erich Schmidt Verlag, Berlin 2011.<\/p>\n\n\n\n<p><\/p>\n","protected":false},"excerpt":{"rendered":"<p>1.&nbsp;&nbsp;&nbsp;&nbsp;&nbsp;&nbsp;&nbsp;&nbsp;&nbsp;Monografie Die Mathematik im Denken und Dichten von Novalis. Zum Verh\u00e4ltnis von Literatur und Wissen um 1800. Akademie Verlag\/De Gruyter, Berlin 2014 (= Deutsche Literatur. Studien und Quellen 15). 2.&nbsp;&nbsp;&nbsp;&nbsp;&nbsp;&nbsp;&nbsp;&nbsp;&nbsp;Aufs\u00e4tze Zus. mit Andrea Albrecht: &#8222;Der neue Mensch als Durchschnittling. Stadt und Statistik in Robert Musils Mann ohne Eigenschaften&#8220;. In: Musil-Forum 38 (2023\/2024). De Gruyter, Berlin&#8230;<\/p>\n","protected":false},"author":1,"featured_media":0,"parent":0,"menu_order":2,"comment_status":"closed","ping_status":"closed","template":"","meta":{"footnotes":""},"class_list":["post-14","page","type-page","status-publish","hentry"],"_links":{"self":[{"href":"https:\/\/franziskabomski.de\/index.php?rest_route=\/wp\/v2\/pages\/14","targetHints":{"allow":["GET"]}}],"collection":[{"href":"https:\/\/franziskabomski.de\/index.php?rest_route=\/wp\/v2\/pages"}],"about":[{"href":"https:\/\/franziskabomski.de\/index.php?rest_route=\/wp\/v2\/types\/page"}],"author":[{"embeddable":true,"href":"https:\/\/franziskabomski.de\/index.php?rest_route=\/wp\/v2\/users\/1"}],"replies":[{"embeddable":true,"href":"https:\/\/franziskabomski.de\/index.php?rest_route=%2Fwp%2Fv2%2Fcomments&post=14"}],"version-history":[{"count":32,"href":"https:\/\/franziskabomski.de\/index.php?rest_route=\/wp\/v2\/pages\/14\/revisions"}],"predecessor-version":[{"id":519,"href":"https:\/\/franziskabomski.de\/index.php?rest_route=\/wp\/v2\/pages\/14\/revisions\/519"}],"wp:attachment":[{"href":"https:\/\/franziskabomski.de\/index.php?rest_route=%2Fwp%2Fv2%2Fmedia&parent=14"}],"curies":[{"name":"wp","href":"https:\/\/api.w.org\/{rel}","templated":true}]}}